{"id":2005,"date":"2019-10-01T14:45:18","date_gmt":"2019-10-01T12:45:18","guid":{"rendered":"http:\/\/s799595400.onlinehome.fr\/?page_id=2005"},"modified":"2025-11-08T16:20:15","modified_gmt":"2025-11-08T15:20:15","slug":"randonnee-et-trekking-en-montagne","status":"publish","type":"page","link":"https:\/\/equateur-voyages.com\/es\/randonnee-et-trekking-en-montagne\/","title":{"rendered":"Caminatas y senderismo"},"content":{"rendered":"[vc_row][vc_column][vc_single_image image=&#8221;2006&#8243; img_size=&#8221;full&#8221; alignment=&#8221;center&#8221; style=&#8221;vc_box_shadow_3d&#8221;][\/vc_column][\/vc_row][vc_row css=&#8221;.vc_custom_1576057412696{background-color: #fafafa !important;}&#8221;][vc_column width=&#8221;1\/4&#8243;][vc_empty_space][vc_btn title=&#8221;Retorno Menu Actividades&#8221; style=&#8221;gradient&#8221; gradient_color_1=&#8221;green&#8221; gradient_color_2=&#8221;black&#8221; link=&#8221;url:%2Fes%2Factivites%2F|title:Actividades&#8221;][vc_empty_space][vc_single_image image=&#8221;2007&#8243; img_size=&#8221;full&#8221; alignment=&#8221;center&#8221;][\/vc_column][vc_column width=&#8221;3\/4&#8243;][vc_empty_space][vc_custom_heading text=&#8221;Trekking &#8211; Senderismo &#8211; Turismo de Naturaleza&#8221; font_container=&#8221;tag:h4|text_align:left&#8221; use_theme_fonts=&#8221;yes&#8221;][vc_empty_space][vc_column_text]\n<p data-start=\"87\" data-end=\"516\">Ecuador es un terreno de juego ideal para los amantes del <em data-start=\"145\" data-end=\"155\">trekking<\/em> y de los espacios naturales.<br data-start=\"184\" data-end=\"187\" \/>Con m\u00e1s de cuarenta y cinco zonas naturales protegidas \u2014entre ellas parques nacionales y reservas\u2014 y numerosos volcanes dispersos aqu\u00ed y all\u00e1, es posible realizar caminatas de uno o varios d\u00edas a trav\u00e9s de paisajes variados y a diferentes altitudes.<br data-start=\"436\" data-end=\"439\" \/>Monta\u00f1a, Andes, Amazon\u00eda y llanura costera: \u00a1no faltar\u00e1n rutas de <em data-start=\"505\" data-end=\"515\">trekking<\/em>!<\/p>\n<p data-start=\"518\" data-end=\"705\">Aunque Ecuador cuenta con una estaci\u00f3n seca y una estaci\u00f3n lluviosa, dependiendo de la regi\u00f3n donde te encuentres, siempre habr\u00e1 condiciones clim\u00e1ticas favorables para realizar caminatas.<\/p>\n<p data-start=\"707\" data-end=\"839\">En total autonom\u00eda, te desplazar\u00e1s con tiendas de campa\u00f1a, alimentos y acompa\u00f1ado por un gu\u00eda de alta monta\u00f1a, cocineros y arrieros.<\/p>\n[\/vc_column_text][\/vc_column][\/vc_row][vc_row][vc_column][vc_empty_space][vc_column_text]\n<div><strong data-start=\"87\" data-end=\"104\">TREK COTOPAXI<\/strong><br data-start=\"104\" data-end=\"107\" \/>\u2022 Tiempo de caminata por d\u00eda: 6 horas<br data-start=\"144\" data-end=\"147\" \/>\u2022 3 d\u00edas<br data-start=\"155\" data-end=\"158\" \/>\u2022 Buena condici\u00f3n f\u00edsica<\/div>\n<div><\/div>\n<div><\/div>\n[\/vc_column_text][vc_empty_space][vc_column_text]\n<div><strong data-start=\"87\" data-end=\"101\">TREK PI\u00d1AN<\/strong><br data-start=\"101\" data-end=\"104\" \/>\u2022 Tiempo de caminata por d\u00eda: 6 horas<br data-start=\"141\" data-end=\"144\" \/>\u2022 4 d\u00edas<br data-start=\"152\" data-end=\"155\" \/>\u2022 Buena condici\u00f3n f\u00edsica<\/div>\n<div><\/div>\n<div><\/div>\n[\/vc_column_text][vc_empty_space][vc_column_text]\n<div><strong data-start=\"87\" data-end=\"101\">TREK ALTAR<\/strong><br data-start=\"101\" data-end=\"104\" \/>\u2022 Tiempo de caminata por d\u00eda: 4 a 5 horas<br data-start=\"145\" data-end=\"148\" \/>\u2022 3 o 4 d\u00edas<br data-start=\"160\" data-end=\"163\" \/>\u2022 Buena condici\u00f3n f\u00edsica<\/div>\n<div><\/div>\n[\/vc_column_text][vc_empty_space][vc_column_text]\n<div><strong data-start=\"87\" data-end=\"115\">TREK QUILOTOA \u2013 INSILIV\u00cd<\/strong><br data-start=\"115\" data-end=\"118\" \/>\u2022 Tiempo de caminata por d\u00eda: 5 horas<br data-start=\"155\" data-end=\"158\" \/>\u2022 4 d\u00edas<br data-start=\"166\" data-end=\"169\" \/>\u2022 Buena condici\u00f3n f\u00edsica<br data-start=\"193\" data-end=\"196\" \/>\u2022 Mochila al hombro<\/div>\n<div><\/div>\n<div><\/div>\n[\/vc_column_text][vc_empty_space][vc_column_text]\n<p data-start=\"87\" data-end=\"213\"><strong data-start=\"87\" data-end=\"106\">TREK DEL C\u00d3NDOR<\/strong><br data-start=\"106\" data-end=\"109\" \/>\u2022 Tiempo de caminata por d\u00eda: 5 a 7 horas<br data-start=\"150\" data-end=\"153\" \/>\u2022 5 d\u00edas<br data-start=\"161\" data-end=\"164\" \/>\u2022 Muy buena condici\u00f3n f\u00edsica, terreno irregular<\/p>\n<hr data-start=\"215\" data-end=\"218\" \/>\n<h3 data-start=\"220\" data-end=\"242\"><\/h3>\n[\/vc_column_text][vc_empty_space][\/vc_column][\/vc_row][vc_row][vc_column]    <div class=\"tzElement_FeaturedTour   type-5\">\r\n\r\n                    <div class=\"tzTour-top\">\r\n\r\n                \r\n                \r\n                \r\n                                    <p class=\"tour-description\"><\/p>\r\n                            <\/div>\r\n\r\n                <div                 class=\"tzTour  \">\r\n                            <div class=\"tzTour-item\">\r\n                                        <div class=\"tzTour-item-box\">\r\n                                                                            <div class=\"tzImg-tour\">\r\n                                <div class=\"tz-thumb \">\r\n                                    <a href=\"https:\/\/equateur-voyages.com\/es\/tour\/trekking-a-laltar-depuis-releche-et-collanes\/\">\r\n                                        <img loading=\"lazy\" decoding=\"async\" width=\"900\" height=\"678\" src=\"https:\/\/equateur-voyages.com\/wp-content\/uploads\/2020\/03\/Altar_Penipe_AVANT-1024x771.jpg\" class=\"attachment-large\" alt=\"\" title=\"Altar_Penipe_AVANT\" srcset=\"https:\/\/equateur-voyages.com\/wp-content\/uploads\/2020\/03\/Altar_Penipe_AVANT-1024x771.jpg 1024w, https:\/\/equateur-voyages.com\/wp-content\/uploads\/2020\/03\/Altar_Penipe_AVANT-300x226.jpg 300w, https:\/\/equateur-voyages.com\/wp-content\/uploads\/2020\/03\/Altar_Penipe_AVANT-768x579.jpg 768w, https:\/\/equateur-voyages.com\/wp-content\/uploads\/2020\/03\/Altar_Penipe_AVANT-1536x1157.jpg 1536w, https:\/\/equateur-voyages.com\/wp-content\/uploads\/2020\/03\/Altar_Penipe_AVANT-600x452.jpg 600w, https:\/\/equateur-voyages.com\/wp-content\/uploads\/2020\/03\/Altar_Penipe_AVANT.jpg 1593w\" sizes=\"auto, (max-width: 900px) 100vw, 900px\" \/>                                    <\/a>\r\n\r\n                                                                    <\/div>\r\n                                                            <\/div>\r\n                                                                            <div class=\"tzTour-info\">\r\n\r\n                                <div class=\"tz-title\">\r\n                                    <h3><a href=\"https:\/\/equateur-voyages.com\/es\/tour\/trekking-a-laltar-depuis-releche-et-collanes\/\">Trek al Altar desde Releche y Collanes &#8211; 3 dias<\/a><\/h3>\r\n\r\n                                <\/div>\r\n                                <div class=\"tzTour-info-left\">\r\n\r\n                                    <div class=\"tz-reviews\">\r\n                                                                                <span class=\"reviews-count\">0testimonio<\/span>\r\n                                    <\/div>\r\n\r\n                                    <div class=\"clr\"><\/div>\r\n\r\n                                    \r\n                                    \r\n                                <\/div>\r\n\r\n                                \r\n                                <div class=\"clr\"><\/div>\r\n\r\n                                                                        <div class=\"tz-button\">\r\n                                            <a class=\"booking book-view-detail\" href=\"https:\/\/equateur-voyages.com\/es\/tour\/trekking-a-laltar-depuis-releche-et-collanes\/\">\r\n                                                Detalles                                            <\/a>\r\n                                        <\/div>\r\n                                                                <\/div>\r\n                                                                    <\/div>\r\n                                <\/div>\r\n                            <div class=\"tzTour-item\">\r\n                                        <div class=\"tzTour-item-box\">\r\n                                                                            <div class=\"tzImg-tour\">\r\n                                <div class=\"tz-thumb \">\r\n                                    <a href=\"https:\/\/equateur-voyages.com\/es\/tour\/trekking-a-laltar-depuis-inguisay\/\">\r\n                                        <img loading=\"lazy\" decoding=\"async\" width=\"900\" height=\"678\" src=\"https:\/\/equateur-voyages.com\/wp-content\/uploads\/2020\/03\/Altar_Inguisay_AVANT-1024x771.jpg\" class=\"attachment-large\" alt=\"\" title=\"Altar_Inguisay_AVANT\" srcset=\"https:\/\/equateur-voyages.com\/wp-content\/uploads\/2020\/03\/Altar_Inguisay_AVANT-1024x771.jpg 1024w, https:\/\/equateur-voyages.com\/wp-content\/uploads\/2020\/03\/Altar_Inguisay_AVANT-300x226.jpg 300w, https:\/\/equateur-voyages.com\/wp-content\/uploads\/2020\/03\/Altar_Inguisay_AVANT-768x579.jpg 768w, https:\/\/equateur-voyages.com\/wp-content\/uploads\/2020\/03\/Altar_Inguisay_AVANT-1536x1157.jpg 1536w, https:\/\/equateur-voyages.com\/wp-content\/uploads\/2020\/03\/Altar_Inguisay_AVANT-600x452.jpg 600w, https:\/\/equateur-voyages.com\/wp-content\/uploads\/2020\/03\/Altar_Inguisay_AVANT.jpg 1593w\" sizes=\"auto, (max-width: 900px) 100vw, 900px\" \/>                                    <\/a>\r\n\r\n                                                                    <\/div>\r\n                                                            <\/div>\r\n                                                                            <div class=\"tzTour-info\">\r\n\r\n                                <div class=\"tz-title\">\r\n                                    <h3><a href=\"https:\/\/equateur-voyages.com\/es\/tour\/trekking-a-laltar-depuis-inguisay\/\">Trek al Altar desde Inguisay &#8211; 3 dias<\/a><\/h3>\r\n\r\n                                <\/div>\r\n                                <div class=\"tzTour-info-left\">\r\n\r\n                                    <div class=\"tz-reviews\">\r\n                                        <div class=\"tz-average-rating\"><div class=\"tz-rating tz-rating-4\"><\/div><\/div>                                        <span class=\"reviews-count\">2testimonios<\/span>\r\n                                    <\/div>\r\n\r\n                                    <div class=\"clr\"><\/div>\r\n\r\n                                    \r\n                                    \r\n                                <\/div>\r\n\r\n                                \r\n                                <div class=\"clr\"><\/div>\r\n\r\n                                                                        <div class=\"tz-button\">\r\n                                            <a class=\"booking book-view-detail\" href=\"https:\/\/equateur-voyages.com\/es\/tour\/trekking-a-laltar-depuis-inguisay\/\">\r\n                                                Detalles                                            <\/a>\r\n                                        <\/div>\r\n                                                                <\/div>\r\n                                                                    <\/div>\r\n                                <\/div>\r\n                            <div class=\"tzTour-item\">\r\n                                        <div class=\"tzTour-item-box\">\r\n                                                                            <div class=\"tzImg-tour\">\r\n                                <div class=\"tz-thumb \">\r\n                                    <a href=\"https:\/\/equateur-voyages.com\/es\/tour\/trekking-du-condor\/\">\r\n                                        <img loading=\"lazy\" decoding=\"async\" width=\"900\" height=\"678\" src=\"https:\/\/equateur-voyages.com\/wp-content\/uploads\/2020\/03\/Condor_AVANT-1024x771.jpg\" class=\"attachment-large\" alt=\"\" title=\"Condor_AVANT\" srcset=\"https:\/\/equateur-voyages.com\/wp-content\/uploads\/2020\/03\/Condor_AVANT-1024x771.jpg 1024w, https:\/\/equateur-voyages.com\/wp-content\/uploads\/2020\/03\/Condor_AVANT-300x226.jpg 300w, https:\/\/equateur-voyages.com\/wp-content\/uploads\/2020\/03\/Condor_AVANT-768x579.jpg 768w, https:\/\/equateur-voyages.com\/wp-content\/uploads\/2020\/03\/Condor_AVANT-1536x1157.jpg 1536w, https:\/\/equateur-voyages.com\/wp-content\/uploads\/2020\/03\/Condor_AVANT-600x452.jpg 600w, https:\/\/equateur-voyages.com\/wp-content\/uploads\/2020\/03\/Condor_AVANT.jpg 1593w\" sizes=\"auto, (max-width: 900px) 100vw, 900px\" \/>                                    <\/a>\r\n\r\n                                                                    <\/div>\r\n                                                            <\/div>\r\n                                                                            <div class=\"tzTour-info\">\r\n\r\n                                <div class=\"tz-title\">\r\n                                    <h3><a href=\"https:\/\/equateur-voyages.com\/es\/tour\/trekking-du-condor\/\">Trek del Condor &#8211; 5 dias<\/a><\/h3>\r\n\r\n                                <\/div>\r\n                                <div class=\"tzTour-info-left\">\r\n\r\n                                    <div class=\"tz-reviews\">\r\n                                        <div class=\"tz-average-rating\"><div class=\"tz-rating tz-rating-4\"><\/div><\/div>                                        <span class=\"reviews-count\">1testimonio<\/span>\r\n                                    <\/div>\r\n\r\n                                    <div class=\"clr\"><\/div>\r\n\r\n                                    \r\n                                    \r\n                                <\/div>\r\n\r\n                                \r\n                                <div class=\"clr\"><\/div>\r\n\r\n                                                                        <div class=\"tz-button\">\r\n                                            <a class=\"booking book-view-detail\" href=\"https:\/\/equateur-voyages.com\/es\/tour\/trekking-du-condor\/\">\r\n                                                Detalles                                            <\/a>\r\n                                        <\/div>\r\n                                                                <\/div>\r\n                                                                    <\/div>\r\n                                <\/div>\r\n                            <div class=\"tzTour-item\">\r\n                                        <div class=\"tzTour-item-box\">\r\n                                                                            <div class=\"tzImg-tour\">\r\n                                <div class=\"tz-thumb \">\r\n                                    <a href=\"https:\/\/equateur-voyages.com\/es\/tour\/trek-chemin-de-linca\/\">\r\n                                        <img loading=\"lazy\" decoding=\"async\" width=\"900\" height=\"678\" src=\"https:\/\/equateur-voyages.com\/wp-content\/uploads\/2020\/03\/Inca_AVANT-1024x771.jpg\" class=\"attachment-large\" alt=\"\" title=\"Inca_AVANT\" srcset=\"https:\/\/equateur-voyages.com\/wp-content\/uploads\/2020\/03\/Inca_AVANT-1024x771.jpg 1024w, https:\/\/equateur-voyages.com\/wp-content\/uploads\/2020\/03\/Inca_AVANT-300x226.jpg 300w, https:\/\/equateur-voyages.com\/wp-content\/uploads\/2020\/03\/Inca_AVANT-768x579.jpg 768w, https:\/\/equateur-voyages.com\/wp-content\/uploads\/2020\/03\/Inca_AVANT-1536x1157.jpg 1536w, https:\/\/equateur-voyages.com\/wp-content\/uploads\/2020\/03\/Inca_AVANT-600x452.jpg 600w, https:\/\/equateur-voyages.com\/wp-content\/uploads\/2020\/03\/Inca_AVANT.jpg 1593w\" sizes=\"auto, (max-width: 900px) 100vw, 900px\" \/>                                    <\/a>\r\n\r\n                                                                    <\/div>\r\n                                                            <\/div>\r\n                                                                            <div class=\"tzTour-info\">\r\n\r\n                                <div class=\"tz-title\">\r\n                                    <h3><a href=\"https:\/\/equateur-voyages.com\/es\/tour\/trek-chemin-de-linca\/\">Trek Camino del Inca &#8211; 4 d\u00edas<\/a><\/h3>\r\n\r\n                                <\/div>\r\n                                <div class=\"tzTour-info-left\">\r\n\r\n                                    <div class=\"tz-reviews\">\r\n                                        <div class=\"tz-average-rating\"><div class=\"tz-rating tz-rating-45\"><\/div><\/div>                                        <span class=\"reviews-count\">2testimonios<\/span>\r\n                                    <\/div>\r\n\r\n                                    <div class=\"clr\"><\/div>\r\n\r\n                                    \r\n                                    \r\n                                <\/div>\r\n\r\n                                \r\n                                <div class=\"clr\"><\/div>\r\n\r\n                                                                        <div class=\"tz-button\">\r\n                                            <a class=\"booking book-view-detail\" href=\"https:\/\/equateur-voyages.com\/es\/tour\/trek-chemin-de-linca\/\">\r\n                                                Detalles                                            <\/a>\r\n                                        <\/div>\r\n                                                                <\/div>\r\n                                                                    <\/div>\r\n                                <\/div>\r\n                            <div class=\"tzTour-item\">\r\n                                        <div class=\"tzTour-item-box\">\r\n                                                                            <div class=\"tzImg-tour\">\r\n                                <div class=\"tz-thumb \">\r\n                                    <a href=\"https:\/\/equateur-voyages.com\/es\/tour\/trek-isinlivi-quilotoa\/\">\r\n                                        <img loading=\"lazy\" decoding=\"async\" width=\"900\" height=\"678\" src=\"https:\/\/equateur-voyages.com\/wp-content\/uploads\/2020\/03\/Isinlivi_Quilotoa_AVANT-1024x771.jpg\" class=\"attachment-large\" alt=\"\" title=\"Isinlivi_Quilotoa_AVANT\" srcset=\"https:\/\/equateur-voyages.com\/wp-content\/uploads\/2020\/03\/Isinlivi_Quilotoa_AVANT-1024x771.jpg 1024w, https:\/\/equateur-voyages.com\/wp-content\/uploads\/2020\/03\/Isinlivi_Quilotoa_AVANT-300x226.jpg 300w, https:\/\/equateur-voyages.com\/wp-content\/uploads\/2020\/03\/Isinlivi_Quilotoa_AVANT-768x579.jpg 768w, https:\/\/equateur-voyages.com\/wp-content\/uploads\/2020\/03\/Isinlivi_Quilotoa_AVANT-1536x1157.jpg 1536w, https:\/\/equateur-voyages.com\/wp-content\/uploads\/2020\/03\/Isinlivi_Quilotoa_AVANT-600x452.jpg 600w, https:\/\/equateur-voyages.com\/wp-content\/uploads\/2020\/03\/Isinlivi_Quilotoa_AVANT.jpg 1593w\" sizes=\"auto, (max-width: 900px) 100vw, 900px\" \/>                                    <\/a>\r\n\r\n                                                                    <\/div>\r\n                                                            <\/div>\r\n                                                                            <div class=\"tzTour-info\">\r\n\r\n                                <div class=\"tz-title\">\r\n                                    <h3><a href=\"https:\/\/equateur-voyages.com\/es\/tour\/trek-isinlivi-quilotoa\/\">Trek Insilivi &#8211; Quilotoa 5 d\u00edas<\/a><\/h3>\r\n\r\n                                <\/div>\r\n                                <div class=\"tzTour-info-left\">\r\n\r\n                                    <div class=\"tz-reviews\">\r\n                                        <div class=\"tz-average-rating\"><div class=\"tz-rating tz-rating-4\"><\/div><\/div>                                        <span class=\"reviews-count\">3testimonios<\/span>\r\n                                    <\/div>\r\n\r\n                                    <div class=\"clr\"><\/div>\r\n\r\n                                    \r\n                                    \r\n                                <\/div>\r\n\r\n                                \r\n                                <div class=\"clr\"><\/div>\r\n\r\n                                                                        <div class=\"tz-button\">\r\n                                            <a class=\"booking book-view-detail\" href=\"https:\/\/equateur-voyages.com\/es\/tour\/trek-isinlivi-quilotoa\/\">\r\n                                                Detalles                                            <\/a>\r\n                                        <\/div>\r\n                                                                <\/div>\r\n                                                                    <\/div>\r\n                                <\/div>\r\n                            <div class=\"tzTour-item\">\r\n                                        <div class=\"tzTour-item-box\">\r\n                                                                            <div class=\"tzImg-tour\">\r\n                                <div class=\"tz-thumb \">\r\n                                    <a href=\"https:\/\/equateur-voyages.com\/es\/tour\/trekking-dans-le-parc-national-cotopaxi\/\">\r\n                                        <img loading=\"lazy\" decoding=\"async\" width=\"900\" height=\"678\" src=\"https:\/\/equateur-voyages.com\/wp-content\/uploads\/2020\/03\/Trek_Cotopaxi_AVANT-1024x771.jpg\" class=\"attachment-large\" alt=\"\" title=\"Trek_Cotopaxi_AVANT\" srcset=\"https:\/\/equateur-voyages.com\/wp-content\/uploads\/2020\/03\/Trek_Cotopaxi_AVANT-1024x771.jpg 1024w, https:\/\/equateur-voyages.com\/wp-content\/uploads\/2020\/03\/Trek_Cotopaxi_AVANT-300x226.jpg 300w, https:\/\/equateur-voyages.com\/wp-content\/uploads\/2020\/03\/Trek_Cotopaxi_AVANT-768x579.jpg 768w, https:\/\/equateur-voyages.com\/wp-content\/uploads\/2020\/03\/Trek_Cotopaxi_AVANT-1536x1157.jpg 1536w, https:\/\/equateur-voyages.com\/wp-content\/uploads\/2020\/03\/Trek_Cotopaxi_AVANT-600x452.jpg 600w, https:\/\/equateur-voyages.com\/wp-content\/uploads\/2020\/03\/Trek_Cotopaxi_AVANT.jpg 1593w\" sizes=\"auto, (max-width: 900px) 100vw, 900px\" \/>                                    <\/a>\r\n\r\n                                                                    <\/div>\r\n                                                            <\/div>\r\n                                                                            <div class=\"tzTour-info\">\r\n\r\n                                <div class=\"tz-title\">\r\n                                    <h3><a href=\"https:\/\/equateur-voyages.com\/es\/tour\/trekking-dans-le-parc-national-cotopaxi\/\">Trek en el parque Cotopaxi &#8211; 3 dias<\/a><\/h3>\r\n\r\n                                <\/div>\r\n                                <div class=\"tzTour-info-left\">\r\n\r\n                                    <div class=\"tz-reviews\">\r\n                                                                                <span class=\"reviews-count\">0testimonio<\/span>\r\n                                    <\/div>\r\n\r\n                                    <div class=\"clr\"><\/div>\r\n\r\n                                    \r\n                                    \r\n                                <\/div>\r\n\r\n                                \r\n                                <div class=\"clr\"><\/div>\r\n\r\n                                                                        <div class=\"tz-button\">\r\n                                            <a class=\"booking book-view-detail\" href=\"https:\/\/equateur-voyages.com\/es\/tour\/trekking-dans-le-parc-national-cotopaxi\/\">\r\n                                                Detalles                                            <\/a>\r\n                                        <\/div>\r\n                                                                <\/div>\r\n                                                                    <\/div>\r\n                                <\/div>\r\n                            <div class=\"tzTour-item\">\r\n                                        <div class=\"tzTour-item-box\">\r\n                                                                            <div class=\"tzImg-tour\">\r\n                                <div class=\"tz-thumb \">\r\n                                    <a href=\"https:\/\/equateur-voyages.com\/es\/tour\/lintegrale-du-pichincha\/\">\r\n                                        <img loading=\"lazy\" decoding=\"async\" width=\"900\" height=\"678\" src=\"https:\/\/equateur-voyages.com\/wp-content\/uploads\/2020\/03\/Integral_AVANT-1024x771.jpg\" class=\"attachment-large\" alt=\"\" title=\"Integral_AVANT\" srcset=\"https:\/\/equateur-voyages.com\/wp-content\/uploads\/2020\/03\/Integral_AVANT-1024x771.jpg 1024w, https:\/\/equateur-voyages.com\/wp-content\/uploads\/2020\/03\/Integral_AVANT-300x226.jpg 300w, https:\/\/equateur-voyages.com\/wp-content\/uploads\/2020\/03\/Integral_AVANT-768x579.jpg 768w, https:\/\/equateur-voyages.com\/wp-content\/uploads\/2020\/03\/Integral_AVANT-1536x1157.jpg 1536w, https:\/\/equateur-voyages.com\/wp-content\/uploads\/2020\/03\/Integral_AVANT-600x452.jpg 600w, https:\/\/equateur-voyages.com\/wp-content\/uploads\/2020\/03\/Integral_AVANT.jpg 1593w\" sizes=\"auto, (max-width: 900px) 100vw, 900px\" \/>                                    <\/a>\r\n\r\n                                                                    <\/div>\r\n                                                            <\/div>\r\n                                                                            <div class=\"tzTour-info\">\r\n\r\n                                <div class=\"tz-title\">\r\n                                    <h3><a href=\"https:\/\/equateur-voyages.com\/es\/tour\/lintegrale-du-pichincha\/\">Travesia de los Pichinchas &#8211; 1 dia<\/a><\/h3>\r\n\r\n                                <\/div>\r\n                                <div class=\"tzTour-info-left\">\r\n\r\n                                    <div class=\"tz-reviews\">\r\n                                                                                <span class=\"reviews-count\">0testimonio<\/span>\r\n                                    <\/div>\r\n\r\n                                    <div class=\"clr\"><\/div>\r\n\r\n                                    \r\n                                    \r\n                                <\/div>\r\n\r\n                                \r\n                                <div class=\"clr\"><\/div>\r\n\r\n                                                                        <div class=\"tz-button\">\r\n                                            <a class=\"booking book-view-detail\" href=\"https:\/\/equateur-voyages.com\/es\/tour\/lintegrale-du-pichincha\/\">\r\n                                                Detalles                                            <\/a>\r\n                                        <\/div>\r\n                                                                <\/div>\r\n                                                                    <\/div>\r\n                                <\/div>\r\n                            <div class=\"tzTour-item\">\r\n                                        <div class=\"tzTour-item-box\">\r\n                                                                            <div class=\"tzImg-tour\">\r\n                                <div class=\"tz-thumb \">\r\n                                    <a href=\"https:\/\/equateur-voyages.com\/es\/tour\/acclimatation-au-guagua-pichincha\/\">\r\n                                        <img loading=\"lazy\" decoding=\"async\" width=\"900\" height=\"678\" src=\"https:\/\/equateur-voyages.com\/wp-content\/uploads\/2020\/03\/Pichincha_AVANT-1024x771.jpg\" class=\"attachment-large\" alt=\"\" title=\"Pichincha_AVANT\" srcset=\"https:\/\/equateur-voyages.com\/wp-content\/uploads\/2020\/03\/Pichincha_AVANT-1024x771.jpg 1024w, https:\/\/equateur-voyages.com\/wp-content\/uploads\/2020\/03\/Pichincha_AVANT-300x226.jpg 300w, https:\/\/equateur-voyages.com\/wp-content\/uploads\/2020\/03\/Pichincha_AVANT-768x579.jpg 768w, https:\/\/equateur-voyages.com\/wp-content\/uploads\/2020\/03\/Pichincha_AVANT-1536x1157.jpg 1536w, https:\/\/equateur-voyages.com\/wp-content\/uploads\/2020\/03\/Pichincha_AVANT-600x452.jpg 600w, https:\/\/equateur-voyages.com\/wp-content\/uploads\/2020\/03\/Pichincha_AVANT.jpg 1593w\" sizes=\"auto, (max-width: 900px) 100vw, 900px\" \/>                                    <\/a>\r\n\r\n                                                                    <\/div>\r\n                                                            <\/div>\r\n                                                                            <div class=\"tzTour-info\">\r\n\r\n                                <div class=\"tz-title\">\r\n                                    <h3><a href=\"https:\/\/equateur-voyages.com\/es\/tour\/acclimatation-au-guagua-pichincha\/\">Aclimataci\u00f3n en el Guagua Pichincha &#8211; 1 dia<\/a><\/h3>\r\n\r\n                                <\/div>\r\n                                <div class=\"tzTour-info-left\">\r\n\r\n                                    <div class=\"tz-reviews\">\r\n                                                                                <span class=\"reviews-count\">0testimonio<\/span>\r\n                                    <\/div>\r\n\r\n                                    <div class=\"clr\"><\/div>\r\n\r\n                                    \r\n                                    \r\n                                <\/div>\r\n\r\n                                \r\n                                <div class=\"clr\"><\/div>\r\n\r\n                                                                        <div class=\"tz-button\">\r\n                                            <a class=\"booking book-view-detail\" href=\"https:\/\/equateur-voyages.com\/es\/tour\/acclimatation-au-guagua-pichincha\/\">\r\n                                                Detalles                                            <\/a>\r\n                                        <\/div>\r\n                                                                <\/div>\r\n                                                                    <\/div>\r\n                                <\/div>\r\n                            <div class=\"tzTour-item\">\r\n                                        <div class=\"tzTour-item-box\">\r\n                                                                            <div class=\"tzImg-tour\">\r\n                                <div class=\"tz-thumb \">\r\n                                    <a href=\"https:\/\/equateur-voyages.com\/es\/tour\/cotopaxi-alpinisme-milieu-monde\/\">\r\n                                        <img loading=\"lazy\" decoding=\"async\" width=\"900\" height=\"678\" src=\"https:\/\/equateur-voyages.com\/wp-content\/uploads\/2020\/02\/Objectif_Cotopaxi_AVANT-1024x771.jpg\" class=\"attachment-large\" alt=\"\" title=\"Objectif_Cotopaxi_AVANT\" srcset=\"https:\/\/equateur-voyages.com\/wp-content\/uploads\/2020\/02\/Objectif_Cotopaxi_AVANT-1024x771.jpg 1024w, https:\/\/equateur-voyages.com\/wp-content\/uploads\/2020\/02\/Objectif_Cotopaxi_AVANT-300x226.jpg 300w, https:\/\/equateur-voyages.com\/wp-content\/uploads\/2020\/02\/Objectif_Cotopaxi_AVANT-768x579.jpg 768w, https:\/\/equateur-voyages.com\/wp-content\/uploads\/2020\/02\/Objectif_Cotopaxi_AVANT-1536x1157.jpg 1536w, https:\/\/equateur-voyages.com\/wp-content\/uploads\/2020\/02\/Objectif_Cotopaxi_AVANT-600x452.jpg 600w, https:\/\/equateur-voyages.com\/wp-content\/uploads\/2020\/02\/Objectif_Cotopaxi_AVANT.jpg 1593w\" sizes=\"auto, (max-width: 900px) 100vw, 900px\" \/>                                    <\/a>\r\n\r\n                                                                    <\/div>\r\n                                                            <\/div>\r\n                                                                            <div class=\"tzTour-info\">\r\n\r\n                                <div class=\"tz-title\">\r\n                                    <h3><a href=\"https:\/\/equateur-voyages.com\/es\/tour\/cotopaxi-alpinisme-milieu-monde\/\">Cotopaxi, andinismo en la mitad del mundo &#8211; 8 d\u00edas<\/a><\/h3>\r\n\r\n                                <\/div>\r\n                                <div class=\"tzTour-info-left\">\r\n\r\n                                    <div class=\"tz-reviews\">\r\n                                        <div class=\"tz-average-rating\"><div class=\"tz-rating tz-rating-50\"><\/div><\/div>                                        <span class=\"reviews-count\">2testimonios<\/span>\r\n                                    <\/div>\r\n\r\n                                    <div class=\"clr\"><\/div>\r\n\r\n                                    \r\n                                    \r\n                                <\/div>\r\n\r\n                                \r\n                                <div class=\"clr\"><\/div>\r\n\r\n                                                                        <div class=\"tz-button\">\r\n                                            <a class=\"booking book-view-detail\" href=\"https:\/\/equateur-voyages.com\/es\/tour\/cotopaxi-alpinisme-milieu-monde\/\">\r\n                                                Detalles                                            <\/a>\r\n                                        <\/div>\r\n                                                                <\/div>\r\n                                                                    <\/div>\r\n                                <\/div>\r\n                            <div class=\"tzTour-item\">\r\n                                        <div class=\"tzTour-item-box\">\r\n                                                                            <div class=\"tzImg-tour\">\r\n                                <div class=\"tz-thumb \">\r\n                                    <a href=\"https:\/\/equateur-voyages.com\/es\/tour\/chimborazo-sommets-des-andes\/\">\r\n                                        <img loading=\"lazy\" decoding=\"async\" width=\"900\" height=\"678\" src=\"https:\/\/equateur-voyages.com\/wp-content\/uploads\/2020\/02\/Chimborazo-1024x771.jpg\" class=\"attachment-large\" alt=\"\" title=\"Chimborazo\" srcset=\"https:\/\/equateur-voyages.com\/wp-content\/uploads\/2020\/02\/Chimborazo-1024x771.jpg 1024w, https:\/\/equateur-voyages.com\/wp-content\/uploads\/2020\/02\/Chimborazo-300x226.jpg 300w, https:\/\/equateur-voyages.com\/wp-content\/uploads\/2020\/02\/Chimborazo-768x579.jpg 768w, https:\/\/equateur-voyages.com\/wp-content\/uploads\/2020\/02\/Chimborazo-1536x1157.jpg 1536w, https:\/\/equateur-voyages.com\/wp-content\/uploads\/2020\/02\/Chimborazo-600x452.jpg 600w, https:\/\/equateur-voyages.com\/wp-content\/uploads\/2020\/02\/Chimborazo.jpg 1593w\" sizes=\"auto, (max-width: 900px) 100vw, 900px\" \/>                                    <\/a>\r\n\r\n                                                                    <\/div>\r\n                                                            <\/div>\r\n                                                                            <div class=\"tzTour-info\">\r\n\r\n                                <div class=\"tz-title\">\r\n                                    <h3><a href=\"https:\/\/equateur-voyages.com\/es\/tour\/chimborazo-sommets-des-andes\/\">Cumbres de Los Andes &#8211; 13 d\u00edas<\/a><\/h3>\r\n\r\n                                <\/div>\r\n                                <div class=\"tzTour-info-left\">\r\n\r\n                                    <div class=\"tz-reviews\">\r\n                                        <div class=\"tz-average-rating\"><div class=\"tz-rating tz-rating-45\"><\/div><\/div>                                        <span class=\"reviews-count\">4testimonios<\/span>\r\n                                    <\/div>\r\n\r\n                                    <div class=\"clr\"><\/div>\r\n\r\n                                    \r\n                                    \r\n                                <\/div>\r\n\r\n                                \r\n                                <div class=\"clr\"><\/div>\r\n\r\n                                                                        <div class=\"tz-button\">\r\n                                            <a class=\"booking book-view-detail\" href=\"https:\/\/equateur-voyages.com\/es\/tour\/chimborazo-sommets-des-andes\/\">\r\n                                                Detalles                                            <\/a>\r\n                                        <\/div>\r\n                                                                <\/div>\r\n                                                                    <\/div>\r\n                                <\/div>\r\n                    <\/div>\r\n                    <div class=\"tzTour-bottom\">\r\n                            <\/div>\r\n                <!--        <div class=\"tz-form-booking-ajax-content\"><\/div>-->\r\n        <!--        <div class=\"tz-reviews-ajax-content\"><\/div>-->\r\n\r\n        <script type=\"text\/javascript\">\r\n            jQuery(document).ready(function () {\r\n                \"use strict\";\r\n                jQuery('#tzTour-slider-969330116').each(function () {\r\n                    jQuery(this).owlCarousel({\r\n                        rtl: false,\r\n                        nav: true,\r\n                        navText: [\"\", \"\"] ,\r\n                        autoplay: true,\r\n                        autoplayTimeout: 3000,\r\n                        loop: true,\r\n                        smartSpeed: 700,\r\n                        autoplayHoverPause: true,\r\n                        responsive: {\r\n                            0: {\r\n                                items: 1                            },\r\n                            600: {\r\n                                items: 1                            },\r\n                            992: {\r\n                                items: 1                            },\r\n                            1200: {\r\n                                items: 1                            },\r\n                            1500: {\r\n                                items: 1                            }\r\n                        },\r\n                        margin:30\r\n                    })\r\n                })\r\n            });\r\n        <\/script>\r\n    <\/div>\r\n\r\n    [\/vc_column][\/vc_row]\n","protected":false},"excerpt":{"rendered":"<p>[vc_row][vc_column][vc_single_image image=&#8221;2006&#8243; img_size=&#8221;full&#8221; alignment=&#8221;center&#8221; style=&#8221;vc_box_shadow_3d&#8221;][\/vc_column][\/vc_row][vc_row css=&#8221;.vc_custom_1576057412696{background-color: #fafafa !important;}&#8221;][vc_column width=&#8221;1\/4&#8243;][vc_empty_space][vc_btn title=&#8221;Retorno Menu Actividades&#8221; style=&#8221;gradient&#8221; gradient_color_1=&#8221;green&#8221; gradient_color_2=&#8221;black&#8221; link=&#8221;url:%2Fes%2Factivites%2F|title:Actividades&#8221;][vc_empty_space][vc_single_image image=&#8221;2007&#8243; img_size=&#8221;full&#8221; alignment=&#8221;center&#8221;][\/vc_column][vc_column width=&#8221;3\/4&#8243;][vc_empty_space][vc_custom_heading text=&#8221;Trekking &#8211; Senderismo &#8211; Turismo de Naturaleza&#8221; font_container=&#8221;tag:h4|text_align:left&#8221; use_theme_fonts=&#8221;yes&#8221;][vc_empty_space][vc_column_text] Ecuador es un terreno de juego ideal para los amantes del trekking y de los espacios naturales.Con m\u00e1s de cuarenta y cinco zonas naturales protegidas \u2014entre [&hellip;]<\/p>\n","protected":false},"author":1,"featured_media":0,"parent":0,"menu_order":0,"comment_status":"closed","ping_status":"closed","template":"","meta":{"footnotes":""},"class_list":["post-2005","page","type-page","status-publish","hentry"],"translation":{"provider":"WPGlobus","version":"2.10.10","language":"es","enabled_languages":["fr","es","gb"],"languages":{"fr":{"title":true,"content":true,"excerpt":false},"es":{"title":true,"content":true,"excerpt":false},"gb":{"title":true,"content":true,"excerpt":false}}},"aioseo_notices":[],"_links":{"self":[{"href":"https:\/\/equateur-voyages.com\/es\/wp-json\/wp\/v2\/pages\/2005","targetHints":{"allow":["GET"]}}],"collection":[{"href":"https:\/\/equateur-voyages.com\/es\/wp-json\/wp\/v2\/pages"}],"about":[{"href":"https:\/\/equateur-voyages.com\/es\/wp-json\/wp\/v2\/types\/page"}],"author":[{"embeddable":true,"href":"https:\/\/equateur-voyages.com\/es\/wp-json\/wp\/v2\/users\/1"}],"replies":[{"embeddable":true,"href":"https:\/\/equateur-voyages.com\/es\/wp-json\/wp\/v2\/comments?post=2005"}],"version-history":[{"count":14,"href":"https:\/\/equateur-voyages.com\/es\/wp-json\/wp\/v2\/pages\/2005\/revisions"}],"predecessor-version":[{"id":6871,"href":"https:\/\/equateur-voyages.com\/es\/wp-json\/wp\/v2\/pages\/2005\/revisions\/6871"}],"wp:attachment":[{"href":"https:\/\/equateur-voyages.com\/es\/wp-json\/wp\/v2\/media?parent=2005"}],"curies":[{"name":"wp","href":"https:\/\/api.w.org\/{rel}","templated":true}]}}